{"id":563,"date":"2023-11-28T19:55:50","date_gmt":"2023-11-28T19:55:50","guid":{"rendered":"https:\/\/www.lauratheunissen.com\/?post_type=product&#038;p=563"},"modified":"2024-05-10T08:14:15","modified_gmt":"2024-05-10T08:14:15","slug":"good-wie-se-bos","status":"publish","type":"product","link":"https:\/\/www.lauratheunissen.com\/nl\/product\/good-wie-se-bos\/","title":{"rendered":"Good wie se b\u00f6s"},"content":{"rendered":"<div dir=\"auto\">Slekkermaedje Laura Theunissen sjrif \u00f3nger &#8217;t motto &#8216;Van mich veur dich&#8217; korte doch krachtige gedichskes euver h\u00e4\u00f6r leefde veur &#8217;t laeve \u00e9n de oetdaginge die &#8217;t mins-zeen aaf en toe mit zich mit brungt. Via de tekste in h\u00e4\u00f6re derde dichbunjel wilt &#8217;t luuj ger\u00f6s st\u00e8lle, zelfvertroewe gaeve en erk\u00e8nne det ze d&#8217;r m\u00f3ge zeen:<br \/>\n&#8220;Edere mins dreug unieke kwaliteite mit zich mit en haef op zien maneer de waereld get te beje.&#8221;<br \/>\nMit h\u00e4\u00f6r in &#8217;t Limburgs gesjreve gedichskes lie\u00ebt Laura h\u00e4\u00f6r laezers euver zichzelf en &#8217;t laeve naod\u00e8nke, euver hun w\u00e8nse, verlanges \u00e9n zelfbeeld.<br \/>\n&#8220;K\u00e8n dichzelf, weit wae se b\u00f6s, gank in dien krach staon en verb\u00e8nj dich vanoet dao mit de luuj \u00f3m dich haer. En tiejes momente van angs, \u00f3nzekerheid of kritiek, weit den: Doe b\u00f6s, good wie se b\u00f6s.&#8221;<\/div>\n<div id='gallery-1' class='gallery galleryid-563 gallery-columns-3 gallery-size-full'><figure class='gallery-item'>\n\t\t\t<div class='gallery-icon landscape'>\n\t\t\t\t<a href='https:\/\/www.lauratheunissen.com\/wp-content\/uploads\/2023\/11\/GWSB38.png' title=\"\" data-rl_title=\"\" class=\"rl-gallery-link\" data-rl_caption=\"\" data-rel=\"lightbox-gallery-1\"><img loading=\"lazy\" decoding=\"async\" width=\"1441\" height=\"724\" src=\"https:\/\/www.lauratheunissen.com\/wp-content\/uploads\/2023\/11\/GWSB38.png\" class=\"attachment-full size-full\" alt=\"\" srcset=\"https:\/\/www.lauratheunissen.com\/wp-content\/uploads\/2023\/11\/GWSB38.png 1441w, https:\/\/www.lauratheunissen.com\/wp-content\/uploads\/2023\/11\/GWSB38-300x151.png 300w, https:\/\/www.lauratheunissen.com\/wp-content\/uploads\/2023\/11\/GWSB38-1024x514.png 1024w, https:\/\/www.lauratheunissen.com\/wp-content\/uploads\/2023\/11\/GWSB38-768x386.png 768w, https:\/\/www.lauratheunissen.com\/wp-content\/uploads\/2023\/11\/GWSB38-119x60.png 119w, https:\/\/www.lauratheunissen.com\/wp-content\/uploads\/2023\/11\/GWSB38-600x301.png 600w\" sizes=\"auto, (max-width: 1441px) 100vw, 1441px\" \/><\/a>\n\t\t\t<\/div><\/figure><figure class='gallery-item'>\n\t\t\t<div class='gallery-icon landscape'>\n\t\t\t\t<a href='https:\/\/www.lauratheunissen.com\/wp-content\/uploads\/2023\/11\/GWSB1415.png' title=\"\" data-rl_title=\"\" class=\"rl-gallery-link\" data-rl_caption=\"\" data-rel=\"lightbox-gallery-1\"><img loading=\"lazy\" decoding=\"async\" width=\"1435\" height=\"718\" src=\"https:\/\/www.lauratheunissen.com\/wp-content\/uploads\/2023\/11\/GWSB1415.png\" class=\"attachment-full size-full\" alt=\"\" srcset=\"https:\/\/www.lauratheunissen.com\/wp-content\/uploads\/2023\/11\/GWSB1415.png 1435w, https:\/\/www.lauratheunissen.com\/wp-content\/uploads\/2023\/11\/GWSB1415-300x150.png 300w, https:\/\/www.lauratheunissen.com\/wp-content\/uploads\/2023\/11\/GWSB1415-1024x512.png 1024w, https:\/\/www.lauratheunissen.com\/wp-content\/uploads\/2023\/11\/GWSB1415-768x384.png 768w, https:\/\/www.lauratheunissen.com\/wp-content\/uploads\/2023\/11\/GWSB1415-120x60.png 120w, https:\/\/www.lauratheunissen.com\/wp-content\/uploads\/2023\/11\/GWSB1415-600x300.png 600w\" sizes=\"auto, (max-width: 1435px) 100vw, 1435px\" \/><\/a>\n\t\t\t<\/div><\/figure><figure class='gallery-item'>\n\t\t\t<div class='gallery-icon landscape'>\n\t\t\t\t<a href='https:\/\/www.lauratheunissen.com\/wp-content\/uploads\/2023\/11\/GWSB4445.png' title=\"\" data-rl_title=\"\" class=\"rl-gallery-link\" data-rl_caption=\"\" data-rel=\"lightbox-gallery-1\"><img loading=\"lazy\" decoding=\"async\" width=\"1434\" height=\"718\" src=\"https:\/\/www.lauratheunissen.com\/wp-content\/uploads\/2023\/11\/GWSB4445.png\" class=\"attachment-full size-full\" alt=\"\" srcset=\"https:\/\/www.lauratheunissen.com\/wp-content\/uploads\/2023\/11\/GWSB4445.png 1434w, https:\/\/www.lauratheunissen.com\/wp-content\/uploads\/2023\/11\/GWSB4445-300x150.png 300w, https:\/\/www.lauratheunissen.com\/wp-content\/uploads\/2023\/11\/GWSB4445-1024x513.png 1024w, https:\/\/www.lauratheunissen.com\/wp-content\/uploads\/2023\/11\/GWSB4445-768x385.png 768w, https:\/\/www.lauratheunissen.com\/wp-content\/uploads\/2023\/11\/GWSB4445-120x60.png 120w, https:\/\/www.lauratheunissen.com\/wp-content\/uploads\/2023\/11\/GWSB4445-600x300.png 600w\" sizes=\"auto, (max-width: 1434px) 100vw, 1434px\" \/><\/a>\n\t\t\t<\/div><\/figure>\n\t\t<\/div>\n\n","protected":false},"excerpt":{"rendered":"<p>Slekkermaedje Laura Theunissen sjrif \u00f3nger &#8217;t motto &#8216;Van mich veur dich&#8217; korte doch krachtige gedichskes euver h\u00e4\u00f6r leefde veur &#8217;t laeve \u00e9n de oetdaginge die &#8217;t mins-zeen aaf en toe mit zich mit brungt. Via de tekste in h\u00e4\u00f6re derde dichbunjel wilt &#8217;t luuj ger\u00f6s st\u00e8lle, zelfvertroewe gaeve en erk\u00e8nne det ze d&#8217;r m\u00f3ge zeen: &hellip; <\/p>\n","protected":false},"featured_media":571,"template":"","meta":[],"product_brand":[],"product_cat":[19],"product_tag":[],"class_list":{"0":"post-563","1":"product","2":"type-product","3":"status-publish","4":"has-post-thumbnail","6":"product_cat-dichtbundel","7":"product_shipping_class-boeken","9":"first","10":"instock","11":"shipping-taxable","12":"purchasable","13":"product-type-simple"},"yoast_head":"<!-- This site is optimized with the Yoast SEO plugin v27.3 - https:\/\/yoast.com\/product\/yoast-seo-wordpress\/ -->\n<title>Good wie se b\u00f6s - Laura Theunissen<\/title>\n<meta name=\"robots\" content=\"index, follow, max-snippet:-1, max-image-preview:large, max-video-preview:-1\" \/>\n<link rel=\"canonical\" href=\"https:\/\/www.lauratheunissen.com\/product\/good-wie-se-bos\/\" \/>\n<meta property=\"og:locale\" content=\"nl_NL\" \/>\n<meta property=\"og:type\" content=\"article\" \/>\n<meta property=\"og:title\" content=\"Good wie se b\u00f6s - Laura Theunissen\" \/>\n<meta property=\"og:description\" content=\"Slekkermaedje Laura Theunissen sjrif \u00f3nger &#8217;t motto &#8216;Van mich veur dich&#8217; korte doch krachtige gedichskes euver h\u00e4\u00f6r leefde veur &#8217;t laeve \u00e9n de oetdaginge die &#8217;t mins-zeen aaf en toe mit zich mit brungt. Via de tekste in h\u00e4\u00f6re derde dichbunjel wilt &#8217;t luuj ger\u00f6s st\u00e8lle, zelfvertroewe gaeve en erk\u00e8nne det ze d&#8217;r m\u00f3ge zeen: &hellip;\" \/>\n<meta property=\"og:url\" content=\"https:\/\/www.lauratheunissen.com\/product\/good-wie-se-bos\/\" \/>\n<meta property=\"og:site_name\" content=\"Laura Theunissen\" \/>\n<meta property=\"article:publisher\" content=\"https:\/\/www.facebook.com\/profile.php?id=100079153264932\" \/>\n<meta property=\"article:modified_time\" content=\"2024-05-10T08:14:15+00:00\" \/>\n<meta property=\"og:image\" content=\"https:\/\/www.lauratheunissen.com\/wp-content\/uploads\/2023\/11\/goodwiesebos.png\" \/>\n\t<meta property=\"og:image:width\" content=\"510\" \/>\n\t<meta property=\"og:image:height\" content=\"520\" \/>\n\t<meta property=\"og:image:type\" content=\"image\/png\" \/>\n<meta name=\"twitter:card\" content=\"summary_large_image\" \/>\n<meta name=\"twitter:label1\" content=\"Geschatte leestijd\" \/>\n\t<meta name=\"twitter:data1\" content=\"1 minuut\" \/>\n<script type=\"application\/ld+json\" class=\"yoast-schema-graph\">{\"@context\":\"https:\\\/\\\/schema.org\",\"@graph\":[{\"@type\":\"WebPage\",\"@id\":\"https:\\\/\\\/www.lauratheunissen.com\\\/product\\\/good-wie-se-bos\\\/\",\"url\":\"https:\\\/\\\/www.lauratheunissen.com\\\/product\\\/good-wie-se-bos\\\/\",\"name\":\"Good wie se b\u00f6s - Laura Theunissen\",\"isPartOf\":{\"@id\":\"https:\\\/\\\/www.lauratheunissen.com\\\/#website\"},\"primaryImageOfPage\":{\"@id\":\"https:\\\/\\\/www.lauratheunissen.com\\\/product\\\/good-wie-se-bos\\\/#primaryimage\"},\"image\":{\"@id\":\"https:\\\/\\\/www.lauratheunissen.com\\\/product\\\/good-wie-se-bos\\\/#primaryimage\"},\"thumbnailUrl\":\"https:\\\/\\\/www.lauratheunissen.com\\\/wp-content\\\/uploads\\\/2023\\\/11\\\/goodwiesebos.png\",\"datePublished\":\"2023-11-28T19:55:50+00:00\",\"dateModified\":\"2024-05-10T08:14:15+00:00\",\"breadcrumb\":{\"@id\":\"https:\\\/\\\/www.lauratheunissen.com\\\/product\\\/good-wie-se-bos\\\/#breadcrumb\"},\"inLanguage\":\"nl-NL\",\"potentialAction\":[{\"@type\":\"ReadAction\",\"target\":[\"https:\\\/\\\/www.lauratheunissen.com\\\/product\\\/good-wie-se-bos\\\/\"]}]},{\"@type\":\"ImageObject\",\"inLanguage\":\"nl-NL\",\"@id\":\"https:\\\/\\\/www.lauratheunissen.com\\\/product\\\/good-wie-se-bos\\\/#primaryimage\",\"url\":\"https:\\\/\\\/www.lauratheunissen.com\\\/wp-content\\\/uploads\\\/2023\\\/11\\\/goodwiesebos.png\",\"contentUrl\":\"https:\\\/\\\/www.lauratheunissen.com\\\/wp-content\\\/uploads\\\/2023\\\/11\\\/goodwiesebos.png\",\"width\":510,\"height\":520},{\"@type\":\"BreadcrumbList\",\"@id\":\"https:\\\/\\\/www.lauratheunissen.com\\\/product\\\/good-wie-se-bos\\\/#breadcrumb\",\"itemListElement\":[{\"@type\":\"ListItem\",\"position\":1,\"name\":\"Home\",\"item\":\"https:\\\/\\\/www.lauratheunissen.com\\\/nl\\\/over-laura\\\/\"},{\"@type\":\"ListItem\",\"position\":2,\"name\":\"Webshop\",\"item\":\"https:\\\/\\\/www.lauratheunissen.com\\\/nl\\\/winkel-2\\\/\"},{\"@type\":\"ListItem\",\"position\":3,\"name\":\"Good wie se b\u00f6s\"}]},{\"@type\":\"WebSite\",\"@id\":\"https:\\\/\\\/www.lauratheunissen.com\\\/#website\",\"url\":\"https:\\\/\\\/www.lauratheunissen.com\\\/\",\"name\":\"Laura Theunissen\",\"description\":\"Limburgse gedichskes \u00f3nger &#039;t motto: &#039;Van mich veur dich&#039;\",\"potentialAction\":[{\"@type\":\"SearchAction\",\"target\":{\"@type\":\"EntryPoint\",\"urlTemplate\":\"https:\\\/\\\/www.lauratheunissen.com\\\/?s={search_term_string}\"},\"query-input\":{\"@type\":\"PropertyValueSpecification\",\"valueRequired\":true,\"valueName\":\"search_term_string\"}}],\"inLanguage\":\"nl-NL\"}]}<\/script>\n<!-- \/ Yoast SEO plugin. -->","yoast_head_json":{"title":"Good wie se b\u00f6s - Laura Theunissen","robots":{"index":"index","follow":"follow","max-snippet":"max-snippet:-1","max-image-preview":"max-image-preview:large","max-video-preview":"max-video-preview:-1"},"canonical":"https:\/\/www.lauratheunissen.com\/product\/good-wie-se-bos\/","og_locale":"nl_NL","og_type":"article","og_title":"Good wie se b\u00f6s - Laura Theunissen","og_description":"Slekkermaedje Laura Theunissen sjrif \u00f3nger &#8217;t motto &#8216;Van mich veur dich&#8217; korte doch krachtige gedichskes euver h\u00e4\u00f6r leefde veur &#8217;t laeve \u00e9n de oetdaginge die &#8217;t mins-zeen aaf en toe mit zich mit brungt. Via de tekste in h\u00e4\u00f6re derde dichbunjel wilt &#8217;t luuj ger\u00f6s st\u00e8lle, zelfvertroewe gaeve en erk\u00e8nne det ze d&#8217;r m\u00f3ge zeen: &hellip;","og_url":"https:\/\/www.lauratheunissen.com\/product\/good-wie-se-bos\/","og_site_name":"Laura Theunissen","article_publisher":"https:\/\/www.facebook.com\/profile.php?id=100079153264932","article_modified_time":"2024-05-10T08:14:15+00:00","og_image":[{"width":510,"height":520,"url":"https:\/\/www.lauratheunissen.com\/wp-content\/uploads\/2023\/11\/goodwiesebos.png","type":"image\/png"}],"twitter_card":"summary_large_image","twitter_misc":{"Geschatte leestijd":"1 minuut"},"schema":{"@context":"https:\/\/schema.org","@graph":[{"@type":"WebPage","@id":"https:\/\/www.lauratheunissen.com\/product\/good-wie-se-bos\/","url":"https:\/\/www.lauratheunissen.com\/product\/good-wie-se-bos\/","name":"Good wie se b\u00f6s - Laura Theunissen","isPartOf":{"@id":"https:\/\/www.lauratheunissen.com\/#website"},"primaryImageOfPage":{"@id":"https:\/\/www.lauratheunissen.com\/product\/good-wie-se-bos\/#primaryimage"},"image":{"@id":"https:\/\/www.lauratheunissen.com\/product\/good-wie-se-bos\/#primaryimage"},"thumbnailUrl":"https:\/\/www.lauratheunissen.com\/wp-content\/uploads\/2023\/11\/goodwiesebos.png","datePublished":"2023-11-28T19:55:50+00:00","dateModified":"2024-05-10T08:14:15+00:00","breadcrumb":{"@id":"https:\/\/www.lauratheunissen.com\/product\/good-wie-se-bos\/#breadcrumb"},"inLanguage":"nl-NL","potentialAction":[{"@type":"ReadAction","target":["https:\/\/www.lauratheunissen.com\/product\/good-wie-se-bos\/"]}]},{"@type":"ImageObject","inLanguage":"nl-NL","@id":"https:\/\/www.lauratheunissen.com\/product\/good-wie-se-bos\/#primaryimage","url":"https:\/\/www.lauratheunissen.com\/wp-content\/uploads\/2023\/11\/goodwiesebos.png","contentUrl":"https:\/\/www.lauratheunissen.com\/wp-content\/uploads\/2023\/11\/goodwiesebos.png","width":510,"height":520},{"@type":"BreadcrumbList","@id":"https:\/\/www.lauratheunissen.com\/product\/good-wie-se-bos\/#breadcrumb","itemListElement":[{"@type":"ListItem","position":1,"name":"Home","item":"https:\/\/www.lauratheunissen.com\/nl\/over-laura\/"},{"@type":"ListItem","position":2,"name":"Webshop","item":"https:\/\/www.lauratheunissen.com\/nl\/winkel-2\/"},{"@type":"ListItem","position":3,"name":"Good wie se b\u00f6s"}]},{"@type":"WebSite","@id":"https:\/\/www.lauratheunissen.com\/#website","url":"https:\/\/www.lauratheunissen.com\/","name":"Laura Theunissen","description":"Limburgse gedichskes \u00f3nger &#039;t motto: &#039;Van mich veur dich&#039;","potentialAction":[{"@type":"SearchAction","target":{"@type":"EntryPoint","urlTemplate":"https:\/\/www.lauratheunissen.com\/?s={search_term_string}"},"query-input":{"@type":"PropertyValueSpecification","valueRequired":true,"valueName":"search_term_string"}}],"inLanguage":"nl-NL"}]}},"_links":{"self":[{"href":"https:\/\/www.lauratheunissen.com\/nl\/wp-json\/wp\/v2\/product\/563","targetHints":{"allow":["GET"]}}],"collection":[{"href":"https:\/\/www.lauratheunissen.com\/nl\/wp-json\/wp\/v2\/product"}],"about":[{"href":"https:\/\/www.lauratheunissen.com\/nl\/wp-json\/wp\/v2\/types\/product"}],"wp:featuredmedia":[{"embeddable":true,"href":"https:\/\/www.lauratheunissen.com\/nl\/wp-json\/wp\/v2\/media\/571"}],"wp:attachment":[{"href":"https:\/\/www.lauratheunissen.com\/nl\/wp-json\/wp\/v2\/media?parent=563"}],"wp:term":[{"taxonomy":"product_brand","embeddable":true,"href":"https:\/\/www.lauratheunissen.com\/nl\/wp-json\/wp\/v2\/product_brand?post=563"},{"taxonomy":"product_cat","embeddable":true,"href":"https:\/\/www.lauratheunissen.com\/nl\/wp-json\/wp\/v2\/product_cat?post=563"},{"taxonomy":"product_tag","embeddable":true,"href":"https:\/\/www.lauratheunissen.com\/nl\/wp-json\/wp\/v2\/product_tag?post=563"}],"curies":[{"name":"wp","href":"https:\/\/api.w.org\/{rel}","templated":true}]}}