{"id":182,"date":"2023-05-24T17:23:16","date_gmt":"2023-05-24T17:23:16","guid":{"rendered":"https:\/\/theunissen.ramakers-webdevelopment.nl\/?post_type=product&#038;p=182"},"modified":"2023-10-22T07:48:08","modified_gmt":"2023-10-22T07:48:08","slug":"boek-1","status":"publish","type":"product","link":"https:\/\/www.lauratheunissen.com\/nl\/product\/boek-1\/","title":{"rendered":"Vanmichveurdich"},"content":{"rendered":"<p><strong>\u2018Vanmichveurdich\u2019<\/strong>\u00a0<strong>(2021)<\/strong><\/p>\n<p>Laura Theunissen (*1986) is \u2019n maedje, gebaore en getaoge oppe Slek, det gruuets op h\u00e4\u00f6r modertaal, \u2019t Limburgs is. Al van j\u00f3nks aaf aan interesseert \u2019t zich veur taal, want \u201ctaal verb\u00e8ntj luuj mit ein en bruk moere aaf\u201d. Nao \u2019n pittige periode vol zelfreflectie en herori\u00ebntatie herv\u00f3nj Laura \u2019n deil van h\u00e4\u00f6re creatieve persuuenlikheid in \u2019t sjrieve en deile van op \u2019t ie\u00ebste gezich eenvoudige gedichskes, die echter v\u00f3l laeveswiesheid zitte. door in h\u00e4\u00f6r eige dialek te sjrieve spruk \u2019t luuj op \u2019n authentieke maneer aan en beejt hun truues, \u2019n momentje van bezinning, \u2019n st\u00f6kske herk\u00e8nning of nuuj (zelf)vertroewe. Allemaol \u00f3nger \u2019t motto: \u2018Van mich veur dich\u2019.<\/p>\n<div id='gallery-1' class='gallery galleryid-182 gallery-columns-4 gallery-size-full'><figure class='gallery-item'>\n\t\t\t<div class='gallery-icon landscape'>\n\t\t\t\t<a href='https:\/\/www.lauratheunissen.com\/wp-content\/uploads\/2023\/05\/VMVD1819.png' title=\"\" data-rl_title=\"\" class=\"rl-gallery-link\" data-rl_caption=\"\" data-rel=\"lightbox-gallery-1\"><img loading=\"lazy\" decoding=\"async\" width=\"1443\" height=\"727\" src=\"https:\/\/www.lauratheunissen.com\/wp-content\/uploads\/2023\/05\/VMVD1819.png\" class=\"attachment-full size-full\" alt=\"\" srcset=\"https:\/\/www.lauratheunissen.com\/wp-content\/uploads\/2023\/05\/VMVD1819.png 1443w, https:\/\/www.lauratheunissen.com\/wp-content\/uploads\/2023\/05\/VMVD1819-300x151.png 300w, https:\/\/www.lauratheunissen.com\/wp-content\/uploads\/2023\/05\/VMVD1819-1024x516.png 1024w, https:\/\/www.lauratheunissen.com\/wp-content\/uploads\/2023\/05\/VMVD1819-768x387.png 768w, https:\/\/www.lauratheunissen.com\/wp-content\/uploads\/2023\/05\/VMVD1819-119x60.png 119w, https:\/\/www.lauratheunissen.com\/wp-content\/uploads\/2023\/05\/VMVD1819-600x302.png 600w\" sizes=\"auto, (max-width: 1443px) 100vw, 1443px\" \/><\/a>\n\t\t\t<\/div><\/figure><figure class='gallery-item'>\n\t\t\t<div class='gallery-icon landscape'>\n\t\t\t\t<a href='https:\/\/www.lauratheunissen.com\/wp-content\/uploads\/2023\/05\/VMVD3839.png' title=\"\" data-rl_title=\"\" class=\"rl-gallery-link\" data-rl_caption=\"\" data-rel=\"lightbox-gallery-1\"><img loading=\"lazy\" decoding=\"async\" width=\"1438\" height=\"724\" src=\"https:\/\/www.lauratheunissen.com\/wp-content\/uploads\/2023\/05\/VMVD3839.png\" class=\"attachment-full size-full\" alt=\"\" srcset=\"https:\/\/www.lauratheunissen.com\/wp-content\/uploads\/2023\/05\/VMVD3839.png 1438w, https:\/\/www.lauratheunissen.com\/wp-content\/uploads\/2023\/05\/VMVD3839-300x151.png 300w, https:\/\/www.lauratheunissen.com\/wp-content\/uploads\/2023\/05\/VMVD3839-1024x516.png 1024w, https:\/\/www.lauratheunissen.com\/wp-content\/uploads\/2023\/05\/VMVD3839-768x387.png 768w, https:\/\/www.lauratheunissen.com\/wp-content\/uploads\/2023\/05\/VMVD3839-119x60.png 119w, https:\/\/www.lauratheunissen.com\/wp-content\/uploads\/2023\/05\/VMVD3839-600x302.png 600w\" sizes=\"auto, (max-width: 1438px) 100vw, 1438px\" \/><\/a>\n\t\t\t<\/div><\/figure><figure class='gallery-item'>\n\t\t\t<div class='gallery-icon landscape'>\n\t\t\t\t<a href='https:\/\/www.lauratheunissen.com\/wp-content\/uploads\/2023\/05\/VMVD104105.png' title=\"\" data-rl_title=\"\" class=\"rl-gallery-link\" data-rl_caption=\"\" data-rel=\"lightbox-gallery-1\"><img loading=\"lazy\" decoding=\"async\" width=\"1441\" height=\"724\" src=\"https:\/\/www.lauratheunissen.com\/wp-content\/uploads\/2023\/05\/VMVD104105.png\" class=\"attachment-full size-full\" alt=\"\" srcset=\"https:\/\/www.lauratheunissen.com\/wp-content\/uploads\/2023\/05\/VMVD104105.png 1441w, https:\/\/www.lauratheunissen.com\/wp-content\/uploads\/2023\/05\/VMVD104105-300x151.png 300w, https:\/\/www.lauratheunissen.com\/wp-content\/uploads\/2023\/05\/VMVD104105-1024x514.png 1024w, https:\/\/www.lauratheunissen.com\/wp-content\/uploads\/2023\/05\/VMVD104105-768x386.png 768w, https:\/\/www.lauratheunissen.com\/wp-content\/uploads\/2023\/05\/VMVD104105-119x60.png 119w, https:\/\/www.lauratheunissen.com\/wp-content\/uploads\/2023\/05\/VMVD104105-600x301.png 600w\" sizes=\"auto, (max-width: 1441px) 100vw, 1441px\" \/><\/a>\n\t\t\t<\/div><\/figure>\n\t\t<\/div>\n\n","protected":false},"excerpt":{"rendered":"<p>\u2018Vanmichveurdich\u2019\u00a0(2021) Laura Theunissen (*1986) is \u2019n maedje, gebaore en getaoge oppe Slek, det gruuets op h\u00e4\u00f6r modertaal, \u2019t Limburgs is. Al van j\u00f3nks aaf aan interesseert \u2019t zich veur taal, want \u201ctaal verb\u00e8ntj luuj mit ein en bruk moere aaf\u201d. Nao \u2019n pittige periode vol zelfreflectie en herori\u00ebntatie herv\u00f3nj Laura \u2019n deil van h\u00e4\u00f6re creatieve &hellip; <\/p>\n","protected":false},"featured_media":286,"template":"","meta":[],"product_brand":[],"product_cat":[19],"product_tag":[],"class_list":{"0":"post-182","1":"product","2":"type-product","3":"status-publish","4":"has-post-thumbnail","6":"product_cat-dichtbundel","7":"product_shipping_class-boeken","9":"first","10":"instock","11":"shipping-taxable","12":"purchasable","13":"product-type-simple"},"yoast_head":"<!-- This site is optimized with the Yoast SEO plugin v27.3 - https:\/\/yoast.com\/product\/yoast-seo-wordpress\/ -->\n<title>Vanmichveurdich - Laura Theunissen<\/title>\n<meta name=\"robots\" content=\"index, follow, max-snippet:-1, max-image-preview:large, max-video-preview:-1\" \/>\n<link rel=\"canonical\" href=\"https:\/\/www.lauratheunissen.com\/product\/boek-1\/\" \/>\n<meta property=\"og:locale\" content=\"nl_NL\" \/>\n<meta property=\"og:type\" content=\"article\" \/>\n<meta property=\"og:title\" content=\"Vanmichveurdich - Laura Theunissen\" \/>\n<meta property=\"og:description\" content=\"\u2018Vanmichveurdich\u2019\u00a0(2021) Laura Theunissen (*1986) is \u2019n maedje, gebaore en getaoge oppe Slek, det gruuets op h\u00e4\u00f6r modertaal, \u2019t Limburgs is. Al van j\u00f3nks aaf aan interesseert \u2019t zich veur taal, want \u201ctaal verb\u00e8ntj luuj mit ein en bruk moere aaf\u201d. Nao \u2019n pittige periode vol zelfreflectie en herori\u00ebntatie herv\u00f3nj Laura \u2019n deil van h\u00e4\u00f6re creatieve &hellip;\" \/>\n<meta property=\"og:url\" content=\"https:\/\/www.lauratheunissen.com\/product\/boek-1\/\" \/>\n<meta property=\"og:site_name\" content=\"Laura Theunissen\" \/>\n<meta property=\"article:publisher\" content=\"https:\/\/www.facebook.com\/profile.php?id=100079153264932\" \/>\n<meta property=\"article:modified_time\" content=\"2023-10-22T07:48:08+00:00\" \/>\n<meta property=\"og:image\" content=\"https:\/\/www.lauratheunissen.com\/wp-content\/uploads\/2023\/05\/kaft1.png\" \/>\n\t<meta property=\"og:image:width\" content=\"639\" \/>\n\t<meta property=\"og:image:height\" content=\"753\" \/>\n\t<meta property=\"og:image:type\" content=\"image\/png\" \/>\n<meta name=\"twitter:card\" content=\"summary_large_image\" \/>\n<meta name=\"twitter:label1\" content=\"Geschatte leestijd\" \/>\n\t<meta name=\"twitter:data1\" content=\"1 minuut\" \/>\n<script type=\"application\/ld+json\" class=\"yoast-schema-graph\">{\"@context\":\"https:\\\/\\\/schema.org\",\"@graph\":[{\"@type\":\"WebPage\",\"@id\":\"https:\\\/\\\/www.lauratheunissen.com\\\/product\\\/boek-1\\\/\",\"url\":\"https:\\\/\\\/www.lauratheunissen.com\\\/product\\\/boek-1\\\/\",\"name\":\"Vanmichveurdich - Laura Theunissen\",\"isPartOf\":{\"@id\":\"https:\\\/\\\/www.lauratheunissen.com\\\/#website\"},\"primaryImageOfPage\":{\"@id\":\"https:\\\/\\\/www.lauratheunissen.com\\\/product\\\/boek-1\\\/#primaryimage\"},\"image\":{\"@id\":\"https:\\\/\\\/www.lauratheunissen.com\\\/product\\\/boek-1\\\/#primaryimage\"},\"thumbnailUrl\":\"https:\\\/\\\/www.lauratheunissen.com\\\/wp-content\\\/uploads\\\/2023\\\/05\\\/kaft1.png\",\"datePublished\":\"2023-05-24T17:23:16+00:00\",\"dateModified\":\"2023-10-22T07:48:08+00:00\",\"breadcrumb\":{\"@id\":\"https:\\\/\\\/www.lauratheunissen.com\\\/product\\\/boek-1\\\/#breadcrumb\"},\"inLanguage\":\"nl-NL\",\"potentialAction\":[{\"@type\":\"ReadAction\",\"target\":[\"https:\\\/\\\/www.lauratheunissen.com\\\/product\\\/boek-1\\\/\"]}]},{\"@type\":\"ImageObject\",\"inLanguage\":\"nl-NL\",\"@id\":\"https:\\\/\\\/www.lauratheunissen.com\\\/product\\\/boek-1\\\/#primaryimage\",\"url\":\"https:\\\/\\\/www.lauratheunissen.com\\\/wp-content\\\/uploads\\\/2023\\\/05\\\/kaft1.png\",\"contentUrl\":\"https:\\\/\\\/www.lauratheunissen.com\\\/wp-content\\\/uploads\\\/2023\\\/05\\\/kaft1.png\",\"width\":639,\"height\":753},{\"@type\":\"BreadcrumbList\",\"@id\":\"https:\\\/\\\/www.lauratheunissen.com\\\/product\\\/boek-1\\\/#breadcrumb\",\"itemListElement\":[{\"@type\":\"ListItem\",\"position\":1,\"name\":\"Home\",\"item\":\"https:\\\/\\\/www.lauratheunissen.com\\\/nl\\\/over-laura\\\/\"},{\"@type\":\"ListItem\",\"position\":2,\"name\":\"Webshop\",\"item\":\"https:\\\/\\\/www.lauratheunissen.com\\\/nl\\\/winkel-2\\\/\"},{\"@type\":\"ListItem\",\"position\":3,\"name\":\"Vanmichveurdich\"}]},{\"@type\":\"WebSite\",\"@id\":\"https:\\\/\\\/www.lauratheunissen.com\\\/#website\",\"url\":\"https:\\\/\\\/www.lauratheunissen.com\\\/\",\"name\":\"Laura Theunissen\",\"description\":\"Limburgse gedichskes \u00f3nger &#039;t motto: &#039;Van mich veur dich&#039;\",\"potentialAction\":[{\"@type\":\"SearchAction\",\"target\":{\"@type\":\"EntryPoint\",\"urlTemplate\":\"https:\\\/\\\/www.lauratheunissen.com\\\/?s={search_term_string}\"},\"query-input\":{\"@type\":\"PropertyValueSpecification\",\"valueRequired\":true,\"valueName\":\"search_term_string\"}}],\"inLanguage\":\"nl-NL\"}]}<\/script>\n<!-- \/ Yoast SEO plugin. -->","yoast_head_json":{"title":"Vanmichveurdich - Laura Theunissen","robots":{"index":"index","follow":"follow","max-snippet":"max-snippet:-1","max-image-preview":"max-image-preview:large","max-video-preview":"max-video-preview:-1"},"canonical":"https:\/\/www.lauratheunissen.com\/product\/boek-1\/","og_locale":"nl_NL","og_type":"article","og_title":"Vanmichveurdich - Laura Theunissen","og_description":"\u2018Vanmichveurdich\u2019\u00a0(2021) Laura Theunissen (*1986) is \u2019n maedje, gebaore en getaoge oppe Slek, det gruuets op h\u00e4\u00f6r modertaal, \u2019t Limburgs is. Al van j\u00f3nks aaf aan interesseert \u2019t zich veur taal, want \u201ctaal verb\u00e8ntj luuj mit ein en bruk moere aaf\u201d. Nao \u2019n pittige periode vol zelfreflectie en herori\u00ebntatie herv\u00f3nj Laura \u2019n deil van h\u00e4\u00f6re creatieve &hellip;","og_url":"https:\/\/www.lauratheunissen.com\/product\/boek-1\/","og_site_name":"Laura Theunissen","article_publisher":"https:\/\/www.facebook.com\/profile.php?id=100079153264932","article_modified_time":"2023-10-22T07:48:08+00:00","og_image":[{"width":639,"height":753,"url":"https:\/\/www.lauratheunissen.com\/wp-content\/uploads\/2023\/05\/kaft1.png","type":"image\/png"}],"twitter_card":"summary_large_image","twitter_misc":{"Geschatte leestijd":"1 minuut"},"schema":{"@context":"https:\/\/schema.org","@graph":[{"@type":"WebPage","@id":"https:\/\/www.lauratheunissen.com\/product\/boek-1\/","url":"https:\/\/www.lauratheunissen.com\/product\/boek-1\/","name":"Vanmichveurdich - Laura Theunissen","isPartOf":{"@id":"https:\/\/www.lauratheunissen.com\/#website"},"primaryImageOfPage":{"@id":"https:\/\/www.lauratheunissen.com\/product\/boek-1\/#primaryimage"},"image":{"@id":"https:\/\/www.lauratheunissen.com\/product\/boek-1\/#primaryimage"},"thumbnailUrl":"https:\/\/www.lauratheunissen.com\/wp-content\/uploads\/2023\/05\/kaft1.png","datePublished":"2023-05-24T17:23:16+00:00","dateModified":"2023-10-22T07:48:08+00:00","breadcrumb":{"@id":"https:\/\/www.lauratheunissen.com\/product\/boek-1\/#breadcrumb"},"inLanguage":"nl-NL","potentialAction":[{"@type":"ReadAction","target":["https:\/\/www.lauratheunissen.com\/product\/boek-1\/"]}]},{"@type":"ImageObject","inLanguage":"nl-NL","@id":"https:\/\/www.lauratheunissen.com\/product\/boek-1\/#primaryimage","url":"https:\/\/www.lauratheunissen.com\/wp-content\/uploads\/2023\/05\/kaft1.png","contentUrl":"https:\/\/www.lauratheunissen.com\/wp-content\/uploads\/2023\/05\/kaft1.png","width":639,"height":753},{"@type":"BreadcrumbList","@id":"https:\/\/www.lauratheunissen.com\/product\/boek-1\/#breadcrumb","itemListElement":[{"@type":"ListItem","position":1,"name":"Home","item":"https:\/\/www.lauratheunissen.com\/nl\/over-laura\/"},{"@type":"ListItem","position":2,"name":"Webshop","item":"https:\/\/www.lauratheunissen.com\/nl\/winkel-2\/"},{"@type":"ListItem","position":3,"name":"Vanmichveurdich"}]},{"@type":"WebSite","@id":"https:\/\/www.lauratheunissen.com\/#website","url":"https:\/\/www.lauratheunissen.com\/","name":"Laura Theunissen","description":"Limburgse gedichskes \u00f3nger &#039;t motto: &#039;Van mich veur dich&#039;","potentialAction":[{"@type":"SearchAction","target":{"@type":"EntryPoint","urlTemplate":"https:\/\/www.lauratheunissen.com\/?s={search_term_string}"},"query-input":{"@type":"PropertyValueSpecification","valueRequired":true,"valueName":"search_term_string"}}],"inLanguage":"nl-NL"}]}},"_links":{"self":[{"href":"https:\/\/www.lauratheunissen.com\/nl\/wp-json\/wp\/v2\/product\/182","targetHints":{"allow":["GET"]}}],"collection":[{"href":"https:\/\/www.lauratheunissen.com\/nl\/wp-json\/wp\/v2\/product"}],"about":[{"href":"https:\/\/www.lauratheunissen.com\/nl\/wp-json\/wp\/v2\/types\/product"}],"wp:featuredmedia":[{"embeddable":true,"href":"https:\/\/www.lauratheunissen.com\/nl\/wp-json\/wp\/v2\/media\/286"}],"wp:attachment":[{"href":"https:\/\/www.lauratheunissen.com\/nl\/wp-json\/wp\/v2\/media?parent=182"}],"wp:term":[{"taxonomy":"product_brand","embeddable":true,"href":"https:\/\/www.lauratheunissen.com\/nl\/wp-json\/wp\/v2\/product_brand?post=182"},{"taxonomy":"product_cat","embeddable":true,"href":"https:\/\/www.lauratheunissen.com\/nl\/wp-json\/wp\/v2\/product_cat?post=182"},{"taxonomy":"product_tag","embeddable":true,"href":"https:\/\/www.lauratheunissen.com\/nl\/wp-json\/wp\/v2\/product_tag?post=182"}],"curies":[{"name":"wp","href":"https:\/\/api.w.org\/{rel}","templated":true}]}}